{"id":11710,"date":"2022-11-22T22:57:25","date_gmt":"2022-11-22T22:57:25","guid":{"rendered":"http:\/\/conversaspanishinstitute.com\/?page_id=11710"},"modified":"2022-12-16T15:35:32","modified_gmt":"2022-12-16T15:35:32","slug":"zaplanuj-spotkanie","status":"publish","type":"page","link":"https:\/\/conversaspanishinstitute.com\/pl\/schedule-a-meeting\/","title":{"rendered":"Zaplanuj spotkanie"},"content":{"rendered":"<div data-elementor-type=\"wp-post\" data-elementor-id=\"11710\" class=\"elementor elementor-11710\" data-elementor-post-type=\"page\">\n\t\t\t\t\t\t<section data-particle_enable=\"false\" data-particle-mobile-disabled=\"false\" class=\"elementor-section elementor-top-section elementor-element elementor-element-0535c4d about-us elementor-section-boxed elementor-section-height-default elementor-section-height-default\" data-id=\"0535c4d\" data-element_type=\"section\" data-e-type=\"section\" data-settings=\"{&quot;background_background&quot;:&quot;classic&quot;,&quot;jet_parallax_layout_list&quot;:[]}\">\n\t\t\t\t\t\t\t<div class=\"elementor-background-overlay\"><\/div>\n\t\t\t\t\t\t\t<div class=\"elementor-container elementor-column-gap-default\">\n\t\t\t\t\t<div class=\"elementor-column elementor-col-100 elementor-top-column elementor-element elementor-element-468bc7a\" data-id=\"468bc7a\" data-element_type=\"column\" data-e-type=\"column\">\n\t\t\t<div class=\"elementor-widget-wrap elementor-element-populated\">\n\t\t\t\t\t\t<div class=\"elementor-element elementor-element-f7a2bea elementor-invisible elementor-widget elementor-widget-heading\" data-id=\"f7a2bea\" data-element_type=\"widget\" data-e-type=\"widget\" data-settings=\"{&quot;_animation&quot;:&quot;slideInUp&quot;}\" data-widget_type=\"heading.default\">\n\t\t\t\t<div class=\"elementor-widget-container\">\n\t\t\t\t\t<h1 class=\"elementor-heading-title elementor-size-small\">Spotkanie <span class=\"yell\">z zespo\u0142em Conversa <\/span><\/h1>\t\t\t\t<\/div>\n\t\t\t\t<\/div>\n\t\t\t\t<div class=\"elementor-element elementor-element-e1107e2 elementor-widget elementor-widget-text-editor\" data-id=\"e1107e2\" data-element_type=\"widget\" data-e-type=\"widget\" data-widget_type=\"text-editor.default\">\n\t\t\t\t<div class=\"elementor-widget-container\">\n\t\t\t\t\t\t\t\t\t<p style=\"letter-spacing: normal;\">Tutaj mo\u017cesz um\u00f3wi\u0107 si\u0119 na spotkanie z jednym z cz\u0142onk\u00f3w naszego zespo\u0142u, aby porozmawia\u0107 o mo\u017cliwych partnerstwach. Nie mo\u017cemy si\u0119 doczeka\u0107 spotkania z Tob\u0105!\u00a0<\/p>\t\t\t\t\t\t\t\t<\/div>\n\t\t\t\t<\/div>\n\t\t\t\t\t<\/div>\n\t\t<\/div>\n\t\t\t\t\t<\/div>\n\t\t<\/section>\n\t\t\t\t<section data-particle_enable=\"false\" data-particle-mobile-disabled=\"false\" class=\"elementor-section elementor-top-section elementor-element elementor-element-5ebee23 elementor-section-boxed elementor-section-height-default elementor-section-height-default\" data-id=\"5ebee23\" data-element_type=\"section\" data-e-type=\"section\" data-settings=\"{&quot;background_background&quot;:&quot;classic&quot;,&quot;jet_parallax_layout_list&quot;:[]}\">\n\t\t\t\t\t\t<div class=\"elementor-container elementor-column-gap-default\">\n\t\t\t\t\t<div class=\"elementor-column elementor-col-100 elementor-top-column elementor-element elementor-element-3cb34d4\" data-id=\"3cb34d4\" data-element_type=\"column\" data-e-type=\"column\">\n\t\t\t<div class=\"elementor-widget-wrap elementor-element-populated\">\n\t\t\t\t\t\t<div class=\"elementor-element elementor-element-c164dc5 elementor-widget elementor-widget-html\" data-id=\"c164dc5\" data-element_type=\"widget\" data-e-type=\"widget\" data-widget_type=\"html.default\">\n\t\t\t\t<div class=\"elementor-widget-container\">\n\t\t\t\t\t<iframe src=\"https:\/\/conversaspanish.bookafy.com\/schedule?type=iframe&locale=en\" height=\"800\" style=\"width: 100% !important;\" frameborder=\"0\"> <\/iframe>\t\t\t\t<\/div>\n\t\t\t\t<\/div>\n\t\t\t\t\t<\/div>\n\t\t<\/div>\n\t\t\t\t\t<\/div>\n\t\t<\/section>\n\t\t\t\t<section data-particle_enable=\"false\" data-particle-mobile-disabled=\"false\" class=\"elementor-section elementor-top-section elementor-element elementor-element-8747f9c elementor-section-boxed elementor-section-height-default elementor-section-height-default\" data-id=\"8747f9c\" data-element_type=\"section\" data-e-type=\"section\" data-settings=\"{&quot;jet_parallax_layout_list&quot;:[]}\">\n\t\t\t\t\t\t<div class=\"elementor-container elementor-column-gap-default\">\n\t\t\t\t\t<div class=\"elementor-column elementor-col-100 elementor-top-column elementor-element elementor-element-65d8cbf\" data-id=\"65d8cbf\" data-element_type=\"column\" data-e-type=\"column\">\n\t\t\t<div class=\"elementor-widget-wrap elementor-element-populated\">\n\t\t\t\t\t\t<div class=\"elementor-element elementor-element-4afa5563 elementor-widget elementor-widget-text-editor\" data-id=\"4afa5563\" data-element_type=\"widget\" data-e-type=\"widget\" data-widget_type=\"text-editor.default\">\n\t\t\t\t<div class=\"elementor-widget-container\">\n\t\t\t\t\t\t\t\t\t<p><span style=\"font-size: inherit; font-style: inherit; font-weight: inherit; letter-spacing: 0.1px;\">Jeste\u015bmy czym\u015b wi\u0119cej ni\u017c<\/span><span class=\"yell\" style=\"font-size: inherit; font-style: inherit; font-weight: inherit; letter-spacing: 0.1px;\">\u00a0szko\u0142a j\u0119zykowa<\/span><\/p>\t\t\t\t\t\t\t\t<\/div>\n\t\t\t\t<\/div>\n\t\t\t\t<div class=\"elementor-element elementor-element-2a1113b elementor-widget elementor-widget-text-editor\" data-id=\"2a1113b\" data-element_type=\"widget\" data-e-type=\"widget\" data-widget_type=\"text-editor.default\">\n\t\t\t\t<div class=\"elementor-widget-container\">\n\t\t\t\t\t\t\t\t\t<p><span style=\"font-weight: 400;\">W Conversa Spanish Institute Valencia chcemy zaoferowa\u0107 studentom najlepsze do\u015bwiadczenie. Nasz\u0105 misj\u0105 jest oferowanie <\/span><b>niezapomniane do\u015bwiadczenia edukacyjne<\/b><span style=\"font-weight: 400;\"> z naszym 360<\/span><b>\u00b0<\/b><span style=\"font-weight: 400;\"> Podej\u015bcie oparte na do\u015bwiadczeniu. Pozwala to uczniom na uczestnictwo i interakcj\u0119 z nasz\u0105 platform\u0105 i spo\u0142eczno\u015bci\u0105 przed, w trakcie i po wizycie w naszej szkole w Walencji.<\/span><\/p>\t\t\t\t\t\t\t\t<\/div>\n\t\t\t\t<\/div>\n\t\t\t\t<div class=\"elementor-element elementor-element-ad9a54e elementor-widget elementor-widget-video\" data-id=\"ad9a54e\" data-element_type=\"widget\" data-e-type=\"widget\" data-settings=\"{&quot;video_type&quot;:&quot;vimeo&quot;,&quot;autoplay&quot;:&quot;yes&quot;,&quot;play_on_mobile&quot;:&quot;yes&quot;,&quot;mute&quot;:&quot;yes&quot;,&quot;loop&quot;:&quot;yes&quot;}\" data-widget_type=\"video.default\">\n\t\t\t\t<div class=\"elementor-widget-container\">\n\t\t\t\t\t\t\t<div class=\"elementor-wrapper elementor-open-inline\">\n\t\t\t<iframe class=\"elementor-video-iframe\" allowfullscreen allow=\"autoplay\" title=\"vimeo Odtwarzacz film\u00f3w\" src=\"https:\/\/player.vimeo.com\/video\/763797609?autoplay=1&amp;playsinline=1&amp;color&amp;autopause=0&amp;loop=1&amp;muted=1&amp;title=0&amp;portrait=0&amp;byline=0#t=\"><\/iframe>\t\t<\/div>\n\t\t\t\t\t\t<\/div>\n\t\t\t\t<\/div>\n\t\t\t\t\t<\/div>\n\t\t<\/div>\n\t\t\t\t\t<\/div>\n\t\t<\/section>\n\t\t\t\t<section data-particle_enable=\"false\" data-particle-mobile-disabled=\"false\" class=\"elementor-section elementor-top-section elementor-element elementor-element-098ed3a elementor-section-boxed elementor-section-height-default elementor-section-height-default\" data-id=\"098ed3a\" data-element_type=\"section\" data-e-type=\"section\" data-settings=\"{&quot;background_background&quot;:&quot;classic&quot;,&quot;jet_parallax_layout_list&quot;:[]}\">\n\t\t\t\t\t\t<div class=\"elementor-container elementor-column-gap-default\">\n\t\t\t\t\t<div class=\"elementor-column elementor-col-100 elementor-top-column elementor-element elementor-element-7574746\" data-id=\"7574746\" data-element_type=\"column\" data-e-type=\"column\">\n\t\t\t<div class=\"elementor-widget-wrap elementor-element-populated\">\n\t\t\t\t\t\t<div class=\"elementor-element elementor-element-fd40db8 elementor-widget elementor-widget-image\" data-id=\"fd40db8\" data-element_type=\"widget\" data-e-type=\"widget\" data-widget_type=\"image.default\">\n\t\t\t\t<div class=\"elementor-widget-container\">\n\t\t\t\t\t\t\t\t\t\t\t\t\t\t\t<img decoding=\"async\" width=\"200\" height=\"193\" src=\"https:\/\/conversaspanishinstitute.com\/wp-content\/uploads\/2022\/01\/favicon.png\" class=\"attachment-full size-full wp-image-4449\" alt=\"\" \/>\t\t\t\t\t\t\t\t\t\t\t\t\t\t\t<\/div>\n\t\t\t\t<\/div>\n\t\t\t\t<div class=\"elementor-element elementor-element-43a2d9ec elementor-widget elementor-widget-heading\" data-id=\"43a2d9ec\" data-element_type=\"widget\" data-e-type=\"widget\" data-widget_type=\"heading.default\">\n\t\t\t\t<div class=\"elementor-widget-container\">\n\t\t\t\t\t<h2 class=\"elementor-heading-title elementor-size-default\">Nasz niesamowity <span class=\"yell\">Zesp\u00f3\u0142<\/span><\/h2>\t\t\t\t<\/div>\n\t\t\t\t<\/div>\n\t\t\t\t\t<\/div>\n\t\t<\/div>\n\t\t\t\t\t<\/div>\n\t\t<\/section>\n\t\t\t\t<section data-particle_enable=\"false\" data-particle-mobile-disabled=\"false\" class=\"elementor-section elementor-top-section elementor-element elementor-element-4cd03c5a elementor-section-boxed elementor-section-height-default elementor-section-height-default\" data-id=\"4cd03c5a\" data-element_type=\"section\" data-e-type=\"section\" data-settings=\"{&quot;background_background&quot;:&quot;classic&quot;,&quot;animation&quot;:&quot;none&quot;,&quot;jet_parallax_layout_list&quot;:[]}\">\n\t\t\t\t\t\t<div class=\"elementor-container elementor-column-gap-default\">\n\t\t\t\t\t<div class=\"elementor-column elementor-col-33 elementor-top-column elementor-element elementor-element-6acecbd6 elementor-invisible\" data-id=\"6acecbd6\" data-element_type=\"column\" data-e-type=\"column\" data-settings=\"{&quot;animation&quot;:&quot;slideInUp&quot;,&quot;background_background&quot;:&quot;gradient&quot;}\">\n\t\t\t<div class=\"elementor-widget-wrap elementor-element-populated\">\n\t\t\t\t\t\t<div class=\"elementor-element elementor-element-46e11360 elementor-widget elementor-widget-image\" data-id=\"46e11360\" data-element_type=\"widget\" data-e-type=\"widget\" data-widget_type=\"image.default\">\n\t\t\t\t<div class=\"elementor-widget-container\">\n\t\t\t\t\t\t\t\t\t\t\t\t\t\t\t<img fetchpriority=\"high\" decoding=\"async\" width=\"250\" height=\"242\" src=\"https:\/\/conversaspanishinstitute.com\/wp-content\/uploads\/2022\/08\/ines.png\" class=\"elementor-animation-grow attachment-large size-large wp-image-10530\" alt=\"\" srcset=\"https:\/\/conversaspanishinstitute.com\/wp-content\/uploads\/2022\/08\/ines.png 250w, https:\/\/conversaspanishinstitute.com\/wp-content\/uploads\/2022\/08\/ines-12x12.png 12w\" sizes=\"(max-width: 250px) 100vw, 250px\" \/>\t\t\t\t\t\t\t\t\t\t\t\t\t\t\t<\/div>\n\t\t\t\t<\/div>\n\t\t\t\t<div class=\"elementor-element elementor-element-ddda85b elementor-widget elementor-widget-heading\" data-id=\"ddda85b\" data-element_type=\"widget\" data-e-type=\"widget\" data-widget_type=\"heading.default\">\n\t\t\t\t<div class=\"elementor-widget-container\">\n\t\t\t\t\t<h2 class=\"elementor-heading-title elementor-size-default\"><span>S<\/span><span class=\"gra\">IN\u00c9s ruiz<\/span><\/h2>\t\t\t\t<\/div>\n\t\t\t\t<\/div>\n\t\t\t\t<div class=\"elementor-element elementor-element-6ca3f664 elementor-widget elementor-widget-heading\" data-id=\"6ca3f664\" data-element_type=\"widget\" data-e-type=\"widget\" data-widget_type=\"heading.default\">\n\t\t\t\t<div class=\"elementor-widget-container\">\n\t\t\t\t\t<h2 class=\"elementor-heading-title elementor-size-default\">Fundadora i CEO<\/h2>\t\t\t\t<\/div>\n\t\t\t\t<\/div>\n\t\t\t\t<div class=\"elementor-element elementor-element-1758e0ad elementor-widget elementor-widget-text-editor\" data-id=\"1758e0ad\" data-element_type=\"widget\" data-e-type=\"widget\" data-widget_type=\"text-editor.default\">\n\t\t\t\t<div class=\"elementor-widget-container\">\n\t\t\t\t\t\t\t\t\t<p>In\u00e9s Ruiz, tw\u00f3rczyni i dyrektorka <strong>ELEInternacional<\/strong> od 2015 r. Licenciada en Traducci\u00f3n e Interpretaci\u00f3n, posee un <strong>posgrado en ense\u00f1anza de ELE y otro en ense\u00f1anza de ELE a ni\u00f1os.<\/strong> Z drugiej strony, posiadasz tytu\u0142 magistra w dziedzinie <strong>Edukacja i e-learning<\/strong> y un m\u00e1ster en <strong>Neuroedukacja<\/strong>.<\/p>\t\t\t\t\t\t\t\t<\/div>\n\t\t\t\t<\/div>\n\t\t\t\t\t<\/div>\n\t\t<\/div>\n\t\t\t\t<div class=\"elementor-column elementor-col-33 elementor-top-column elementor-element elementor-element-77d9a71c elementor-invisible\" data-id=\"77d9a71c\" data-element_type=\"column\" data-e-type=\"column\" data-settings=\"{&quot;background_background&quot;:&quot;gradient&quot;,&quot;animation&quot;:&quot;slideInUp&quot;}\">\n\t\t\t<div class=\"elementor-widget-wrap elementor-element-populated\">\n\t\t\t\t\t\t<div class=\"elementor-element elementor-element-23fbd072 elementor-widget elementor-widget-image\" data-id=\"23fbd072\" data-element_type=\"widget\" data-e-type=\"widget\" data-widget_type=\"image.default\">\n\t\t\t\t<div class=\"elementor-widget-container\">\n\t\t\t\t\t\t\t\t\t\t\t\t\t\t\t<img decoding=\"async\" width=\"429\" height=\"416\" src=\"https:\/\/conversaspanishinstitute.com\/wp-content\/uploads\/2022\/04\/item5.png\" class=\"elementor-animation-grow attachment-large size-large wp-image-8289\" alt=\"\" srcset=\"https:\/\/conversaspanishinstitute.com\/wp-content\/uploads\/2022\/04\/item5.png 429w, https:\/\/conversaspanishinstitute.com\/wp-content\/uploads\/2022\/04\/item5-300x291.png 300w\" sizes=\"(max-width: 429px) 100vw, 429px\" \/>\t\t\t\t\t\t\t\t\t\t\t\t\t\t\t<\/div>\n\t\t\t\t<\/div>\n\t\t\t\t<div class=\"elementor-element elementor-element-5977b074 elementor-widget elementor-widget-heading\" data-id=\"5977b074\" data-element_type=\"widget\" data-e-type=\"widget\" data-widget_type=\"heading.default\">\n\t\t\t\t<div class=\"elementor-widget-container\">\n\t\t\t\t\t<h2 class=\"elementor-heading-title elementor-size-default\"><span class=\"gra\">\u00c1lvaro Sesmilo<\/h2>\t\t\t\t<\/div>\n\t\t\t\t<\/div>\n\t\t\t\t<div class=\"elementor-element elementor-element-5c158710 elementor-widget elementor-widget-heading\" data-id=\"5c158710\" data-element_type=\"widget\" data-e-type=\"widget\" data-widget_type=\"heading.default\">\n\t\t\t\t<div class=\"elementor-widget-container\">\n\t\t\t\t\t<h2 class=\"elementor-heading-title elementor-size-default\">Dyrektor generalny<\/h2>\t\t\t\t<\/div>\n\t\t\t\t<\/div>\n\t\t\t\t<div class=\"elementor-element elementor-element-6b0be44 elementor-widget elementor-widget-text-editor\" data-id=\"6b0be44\" data-element_type=\"widget\" data-e-type=\"widget\" data-widget_type=\"text-editor.default\">\n\t\t\t\t<div class=\"elementor-widget-container\">\n\t\t\t\t\t\t\t\t\t<p>Licenciado en Filolog\u00eda Hisp\u00e1nica y miembro del grupo de investigaci\u00f3n sobre Identidad Ling\u00fc\u00edstica en la <b>Universidad de Alcal\u00e1<\/b>. Profesor inquieto y aventurero<b> con m\u00e1s de 15 a\u00f1os de experiencia en la ense\u00f1anza del espa\u00f1ol en Holanda, Polonia, Singapur, EE. UU. y Espa\u00f1a<\/b>. Jest dyrektorem M\u00e1ster Internacional de ense\u00f1anza de espa\u00f1ol en m\u00faltiples contextos de la Universidad Europea Miguel de Cervantes y ELEInternacional<\/p>\t\t\t\t\t\t\t\t<\/div>\n\t\t\t\t<\/div>\n\t\t\t\t\t<\/div>\n\t\t<\/div>\n\t\t\t\t<div class=\"elementor-column elementor-col-33 elementor-top-column elementor-element elementor-element-6cc2ac8 elementor-invisible\" data-id=\"6cc2ac8\" data-element_type=\"column\" data-e-type=\"column\" data-settings=\"{&quot;animation&quot;:&quot;slideInUp&quot;,&quot;background_background&quot;:&quot;gradient&quot;,&quot;animation_delay&quot;:100}\">\n\t\t\t<div class=\"elementor-widget-wrap elementor-element-populated\">\n\t\t\t\t\t\t<div class=\"elementor-element elementor-element-dc6d36d elementor-widget elementor-widget-image\" data-id=\"dc6d36d\" data-element_type=\"widget\" data-e-type=\"widget\" data-widget_type=\"image.default\">\n\t\t\t\t<div class=\"elementor-widget-container\">\n\t\t\t\t\t\t\t\t\t\t\t\t\t\t\t<img loading=\"lazy\" decoding=\"async\" width=\"250\" height=\"242\" src=\"https:\/\/conversaspanishinstitute.com\/wp-content\/uploads\/2022\/08\/pilar.png\" class=\"elementor-animation-grow attachment-large size-large wp-image-10538\" alt=\"\" srcset=\"https:\/\/conversaspanishinstitute.com\/wp-content\/uploads\/2022\/08\/pilar.png 250w, https:\/\/conversaspanishinstitute.com\/wp-content\/uploads\/2022\/08\/pilar-12x12.png 12w\" sizes=\"(max-width: 250px) 100vw, 250px\" \/>\t\t\t\t\t\t\t\t\t\t\t\t\t\t\t<\/div>\n\t\t\t\t<\/div>\n\t\t\t\t<div class=\"elementor-element elementor-element-8f025c7 elementor-widget elementor-widget-heading\" data-id=\"8f025c7\" data-element_type=\"widget\" data-e-type=\"widget\" data-widget_type=\"heading.default\">\n\t\t\t\t<div class=\"elementor-widget-container\">\n\t\t\t\t\t<h2 class=\"elementor-heading-title elementor-size-default\"><span class=\"gra\">Pilar Hern\u00e1ndez<\/span><\/h2>\t\t\t\t<\/div>\n\t\t\t\t<\/div>\n\t\t\t\t<div class=\"elementor-element elementor-element-4a3f103 elementor-widget elementor-widget-heading\" data-id=\"4a3f103\" data-element_type=\"widget\" data-e-type=\"widget\" data-widget_type=\"heading.default\">\n\t\t\t\t<div class=\"elementor-widget-container\">\n\t\t\t\t\t<h2 class=\"elementor-heading-title elementor-size-default\">Koordynator akademicki<\/h2>\t\t\t\t<\/div>\n\t\t\t\t<\/div>\n\t\t\t\t<div class=\"elementor-element elementor-element-38dff1f elementor-widget elementor-widget-text-editor\" data-id=\"38dff1f\" data-element_type=\"widget\" data-e-type=\"widget\" data-widget_type=\"text-editor.default\">\n\t\t\t\t<div class=\"elementor-widget-container\">\n\t\t\t\t\t\t\t\t\t<p>Licenciada en <strong>Filolog\u00eda Hisp\u00e1nica<\/strong> en 1999 y con el curso de aptitud pedag\u00f3gica cursado en 2006 y un postgrado en <strong>correcci\u00f3n en espa\u00f1ol de la Universidad de Valencia (2011).<\/strong><br \/>Ponadto od 2009 r. jest formadora de formadores, tutora de pr\u00e1cticas de la Universidad de Valencia (ADEIT), coordinadora y examinadora de los ex\u00e1menes <strong>DELE y CCSE<\/strong> i jest cz\u0119\u015bci\u0105 ekwipunku akademickiego ELEInternacional.<\/p>\t\t\t\t\t\t\t\t<\/div>\n\t\t\t\t<\/div>\n\t\t\t\t\t<\/div>\n\t\t<\/div>\n\t\t\t\t\t<\/div>\n\t\t<\/section>\n\t\t\t\t<section data-particle_enable=\"false\" data-particle-mobile-disabled=\"false\" class=\"elementor-section elementor-top-section elementor-element elementor-element-f4a3faf elementor-section-boxed elementor-section-height-default elementor-section-height-default\" data-id=\"f4a3faf\" data-element_type=\"section\" data-e-type=\"section\" data-settings=\"{&quot;background_background&quot;:&quot;classic&quot;,&quot;jet_parallax_layout_list&quot;:[]}\">\n\t\t\t\t\t\t<div class=\"elementor-container elementor-column-gap-default\">\n\t\t\t\t\t<div class=\"elementor-column elementor-col-33 elementor-top-column elementor-element elementor-element-db746a5 elementor-invisible\" data-id=\"db746a5\" data-element_type=\"column\" data-e-type=\"column\" data-settings=\"{&quot;animation&quot;:&quot;slideInUp&quot;,&quot;background_background&quot;:&quot;gradient&quot;,&quot;animation_delay&quot;:100}\">\n\t\t\t<div class=\"elementor-widget-wrap elementor-element-populated\">\n\t\t\t\t\t\t<div class=\"elementor-element elementor-element-b527194 elementor-widget elementor-widget-image\" data-id=\"b527194\" data-element_type=\"widget\" data-e-type=\"widget\" data-widget_type=\"image.default\">\n\t\t\t\t<div class=\"elementor-widget-container\">\n\t\t\t\t\t\t\t\t\t\t\t\t\t\t\t<img loading=\"lazy\" decoding=\"async\" width=\"429\" height=\"415\" src=\"https:\/\/conversaspanishinstitute.com\/wp-content\/uploads\/2022\/04\/item1.png\" class=\"elementor-animation-grow attachment-large size-large wp-image-8287\" alt=\"\" srcset=\"https:\/\/conversaspanishinstitute.com\/wp-content\/uploads\/2022\/04\/item1.png 429w, https:\/\/conversaspanishinstitute.com\/wp-content\/uploads\/2022\/04\/item1-300x290.png 300w\" sizes=\"(max-width: 429px) 100vw, 429px\" \/>\t\t\t\t\t\t\t\t\t\t\t\t\t\t\t<\/div>\n\t\t\t\t<\/div>\n\t\t\t\t<div class=\"elementor-element elementor-element-a46d399 elementor-widget elementor-widget-heading\" data-id=\"a46d399\" data-element_type=\"widget\" data-e-type=\"widget\" data-widget_type=\"heading.default\">\n\t\t\t\t<div class=\"elementor-widget-container\">\n\t\t\t\t\t<h2 class=\"elementor-heading-title elementor-size-default\"><span class=\"gra\">Elena Esteve<\/h2>\t\t\t\t<\/div>\n\t\t\t\t<\/div>\n\t\t\t\t<div class=\"elementor-element elementor-element-0c171a3 elementor-widget elementor-widget-heading\" data-id=\"0c171a3\" data-element_type=\"widget\" data-e-type=\"widget\" data-widget_type=\"heading.default\">\n\t\t\t\t<div class=\"elementor-widget-container\">\n\t\t\t\t\t<h2 class=\"elementor-heading-title elementor-size-default\">Directora de administraci\u00f3n<\/h2>\t\t\t\t<\/div>\n\t\t\t\t<\/div>\n\t\t\t\t<div class=\"elementor-element elementor-element-2f38bf0 elementor-widget elementor-widget-text-editor\" data-id=\"2f38bf0\" data-element_type=\"widget\" data-e-type=\"widget\" data-widget_type=\"text-editor.default\">\n\t\t\t\t<div class=\"elementor-widget-container\">\n\t\t\t\t\t\t\t\t\t<p>Elena estudi\u00f3 <strong>T\u0142umaczenie ustne i pisemne<\/strong> na Uniwersytecie Jaume I. Posiada certyfikat ELE i tytu\u0142 magistra w zakresie formacji profesor\u00f3w edukacji szkolnej i studi\u00f3w licencjackich, formacji zawodowej i nauczania j\u0119zyk\u00f3w obcych. Posiada <strong>du\u017ce do\u015bwiadczenie jako profesor j\u0119zyk\u00f3w obcych.<\/strong><\/p>\t\t\t\t\t\t\t\t<\/div>\n\t\t\t\t<\/div>\n\t\t\t\t\t<\/div>\n\t\t<\/div>\n\t\t\t\t<div class=\"elementor-column elementor-col-33 elementor-top-column elementor-element elementor-element-7dca32f0 elementor-invisible\" data-id=\"7dca32f0\" data-element_type=\"column\" data-e-type=\"column\" data-settings=\"{&quot;animation&quot;:&quot;slideInUp&quot;,&quot;background_background&quot;:&quot;gradient&quot;}\">\n\t\t\t<div class=\"elementor-widget-wrap elementor-element-populated\">\n\t\t\t\t\t\t<div class=\"elementor-element elementor-element-1264c3b1 elementor-widget elementor-widget-image\" data-id=\"1264c3b1\" data-element_type=\"widget\" data-e-type=\"widget\" data-widget_type=\"image.default\">\n\t\t\t\t<div class=\"elementor-widget-container\">\n\t\t\t\t\t\t\t\t\t\t\t\t\t\t\t<img loading=\"lazy\" decoding=\"async\" width=\"429\" height=\"415\" src=\"https:\/\/conversaspanishinstitute.com\/wp-content\/uploads\/2022\/04\/item6.png\" class=\"elementor-animation-grow attachment-large size-large wp-image-8288\" alt=\"\" srcset=\"https:\/\/conversaspanishinstitute.com\/wp-content\/uploads\/2022\/04\/item6.png 429w, https:\/\/conversaspanishinstitute.com\/wp-content\/uploads\/2022\/04\/item6-300x290.png 300w\" sizes=\"(max-width: 429px) 100vw, 429px\" \/>\t\t\t\t\t\t\t\t\t\t\t\t\t\t\t<\/div>\n\t\t\t\t<\/div>\n\t\t\t\t<div class=\"elementor-element elementor-element-49c7c628 elementor-widget elementor-widget-heading\" data-id=\"49c7c628\" data-element_type=\"widget\" data-e-type=\"widget\" data-widget_type=\"heading.default\">\n\t\t\t\t<div class=\"elementor-widget-container\">\n\t\t\t\t\t<h2 class=\"elementor-heading-title elementor-size-default\"><span>S<\/span><span class=\"gra\">patricia abril<\/span><\/h2>\t\t\t\t<\/div>\n\t\t\t\t<\/div>\n\t\t\t\t<div class=\"elementor-element elementor-element-7462cc05 elementor-widget elementor-widget-heading\" data-id=\"7462cc05\" data-element_type=\"widget\" data-e-type=\"widget\" data-widget_type=\"heading.default\">\n\t\t\t\t<div class=\"elementor-widget-container\">\n\t\t\t\t\t<h2 class=\"elementor-heading-title elementor-size-default\">Jefa de profesores y profesora<\/h2>\t\t\t\t<\/div>\n\t\t\t\t<\/div>\n\t\t\t\t<div class=\"elementor-element elementor-element-56412592 elementor-widget elementor-widget-text-editor\" data-id=\"56412592\" data-element_type=\"widget\" data-e-type=\"widget\" data-widget_type=\"text-editor.default\">\n\t\t\t\t<div class=\"elementor-widget-container\">\n\t\t\t\t\t\t\t\t\t<p>Patricia jest profesorem ELE i studiowa\u0142a el <strong>M\u00e1ster de Espa\u00f1ol e Ingl\u00e9s como Lenguas Extranjeras por la Universidad de Alicante.<\/strong> Od 2015 roku uczy w r\u00f3\u017cnych krajach, takich jak<strong> Indie, Tailandia i Om\u00e1n.<\/strong> Obecnie uczy w Hiszpanii student\u00f3w r\u00f3\u017cnych narodowo\u015bci, kt\u00f3rym chce przekaza\u0107 swoj\u0105 energi\u0119 i pasj\u0119 do j\u0119zyka hiszpa\u0144skiego i jego kultury.<\/p>\t\t\t\t\t\t\t\t<\/div>\n\t\t\t\t<\/div>\n\t\t\t\t\t<\/div>\n\t\t<\/div>\n\t\t\t\t<div class=\"elementor-column elementor-col-33 elementor-top-column elementor-element elementor-element-68dc655e elementor-invisible\" data-id=\"68dc655e\" data-element_type=\"column\" data-e-type=\"column\" data-settings=\"{&quot;animation&quot;:&quot;slideInUp&quot;,&quot;background_background&quot;:&quot;gradient&quot;}\">\n\t\t\t<div class=\"elementor-widget-wrap elementor-element-populated\">\n\t\t\t\t\t\t<div class=\"elementor-element elementor-element-6beb0f93 elementor-widget elementor-widget-image\" data-id=\"6beb0f93\" data-element_type=\"widget\" data-e-type=\"widget\" data-widget_type=\"image.default\">\n\t\t\t\t<div class=\"elementor-widget-container\">\n\t\t\t\t\t\t\t\t\t\t\t\t\t\t\t<img loading=\"lazy\" decoding=\"async\" width=\"429\" height=\"415\" src=\"https:\/\/conversaspanishinstitute.com\/wp-content\/uploads\/2022\/04\/olaya-1.png\" class=\"elementor-animation-grow attachment-large size-large wp-image-8302\" alt=\"\" srcset=\"https:\/\/conversaspanishinstitute.com\/wp-content\/uploads\/2022\/04\/olaya-1.png 429w, https:\/\/conversaspanishinstitute.com\/wp-content\/uploads\/2022\/04\/olaya-1-300x290.png 300w\" sizes=\"(max-width: 429px) 100vw, 429px\" \/>\t\t\t\t\t\t\t\t\t\t\t\t\t\t\t<\/div>\n\t\t\t\t<\/div>\n\t\t\t\t<div class=\"elementor-element elementor-element-c124e9 elementor-widget elementor-widget-heading\" data-id=\"c124e9\" data-element_type=\"widget\" data-e-type=\"widget\" data-widget_type=\"heading.default\">\n\t\t\t\t<div class=\"elementor-widget-container\">\n\t\t\t\t\t<h2 class=\"elementor-heading-title elementor-size-default\"><span>S<\/span><span class=\"gra\">Olaya Fern\u00e1ndez<\/span><\/h2>\t\t\t\t<\/div>\n\t\t\t\t<\/div>\n\t\t\t\t<div class=\"elementor-element elementor-element-5474b82e elementor-widget elementor-widget-heading\" data-id=\"5474b82e\" data-element_type=\"widget\" data-e-type=\"widget\" data-widget_type=\"heading.default\">\n\t\t\t\t<div class=\"elementor-widget-container\">\n\t\t\t\t\t<h2 class=\"elementor-heading-title elementor-size-default\">Koordynator akademicki online<\/h2>\t\t\t\t<\/div>\n\t\t\t\t<\/div>\n\t\t\t\t<div class=\"elementor-element elementor-element-2e50c8fc elementor-widget elementor-widget-text-editor\" data-id=\"2e50c8fc\" data-element_type=\"widget\" data-e-type=\"widget\" data-widget_type=\"text-editor.default\">\n\t\t\t\t<div class=\"elementor-widget-container\">\n\t\t\t\t\t\t\t\t\t<p>Olaya jest licencjatk\u0105 w dziedzinie filologii klasycznej i posiada tytu\u0142 magistra edukacji \u015bredniej ze specjalizacj\u0105 w j\u0119zyku \u0142aci\u0144skim, francuskim i hiszpa\u0144skim. Es <strong>Specjalista w nauczaniu j\u0119zyka hiszpa\u0144skiego jako drugiego j\u0119zyka dla dzieci od 2012 roku.<\/strong> Rozpocz\u0105\u0142 wsp\u00f3\u0142prac\u0119 z <strong>ELEInternacional en 2017<\/strong>Od tego czasu kontynuuje tworzenie tre\u015bci na bloga, b\u0119d\u0105c obecnie konsultantem internetowym.<\/p>\t\t\t\t\t\t\t\t<\/div>\n\t\t\t\t<\/div>\n\t\t\t\t\t<\/div>\n\t\t<\/div>\n\t\t\t\t\t<\/div>\n\t\t<\/section>\n\t\t\t\t<section data-particle_enable=\"false\" data-particle-mobile-disabled=\"false\" class=\"elementor-section elementor-top-section elementor-element elementor-element-5ba4b749 elementor-section-boxed elementor-section-height-default elementor-section-height-default\" data-id=\"5ba4b749\" data-element_type=\"section\" data-e-type=\"section\" data-settings=\"{&quot;background_background&quot;:&quot;classic&quot;,&quot;jet_parallax_layout_list&quot;:[]}\">\n\t\t\t\t\t\t<div class=\"elementor-container elementor-column-gap-default\">\n\t\t\t\t\t<div class=\"elementor-column elementor-col-33 elementor-top-column elementor-element elementor-element-244d0710 elementor-invisible\" data-id=\"244d0710\" data-element_type=\"column\" data-e-type=\"column\" data-settings=\"{&quot;animation&quot;:&quot;slideInUp&quot;,&quot;background_background&quot;:&quot;gradient&quot;,&quot;animation_delay&quot;:100}\">\n\t\t\t<div class=\"elementor-widget-wrap elementor-element-populated\">\n\t\t\t\t\t\t<div class=\"elementor-element elementor-element-84a472e elementor-widget elementor-widget-image\" data-id=\"84a472e\" data-element_type=\"widget\" data-e-type=\"widget\" data-widget_type=\"image.default\">\n\t\t\t\t<div class=\"elementor-widget-container\">\n\t\t\t\t\t\t\t\t\t\t\t\t\t\t\t<img loading=\"lazy\" decoding=\"async\" width=\"250\" height=\"242\" src=\"https:\/\/conversaspanishinstitute.com\/wp-content\/uploads\/2022\/08\/marta.png\" class=\"elementor-animation-grow attachment-large size-large wp-image-10531\" alt=\"\" srcset=\"https:\/\/conversaspanishinstitute.com\/wp-content\/uploads\/2022\/08\/marta.png 250w, https:\/\/conversaspanishinstitute.com\/wp-content\/uploads\/2022\/08\/marta-12x12.png 12w\" sizes=\"(max-width: 250px) 100vw, 250px\" \/>\t\t\t\t\t\t\t\t\t\t\t\t\t\t\t<\/div>\n\t\t\t\t<\/div>\n\t\t\t\t<div class=\"elementor-element elementor-element-7567f73e elementor-widget elementor-widget-heading\" data-id=\"7567f73e\" data-element_type=\"widget\" data-e-type=\"widget\" data-widget_type=\"heading.default\">\n\t\t\t\t<div class=\"elementor-widget-container\">\n\t\t\t\t\t<h2 class=\"elementor-heading-title elementor-size-default\"><span class=\"gra\">Marta Ezquerro <\/span><\/h2>\t\t\t\t<\/div>\n\t\t\t\t<\/div>\n\t\t\t\t<div class=\"elementor-element elementor-element-2bd5c4a0 elementor-widget elementor-widget-heading\" data-id=\"2bd5c4a0\" data-element_type=\"widget\" data-e-type=\"widget\" data-widget_type=\"heading.default\">\n\t\t\t\t<div class=\"elementor-widget-container\">\n\t\t\t\t\t<h2 class=\"elementor-heading-title elementor-size-default\">Consejera acad\u00e9mica<\/h2>\t\t\t\t<\/div>\n\t\t\t\t<\/div>\n\t\t\t\t<div class=\"elementor-element elementor-element-151ed82f elementor-widget elementor-widget-text-editor\" data-id=\"151ed82f\" data-element_type=\"widget\" data-e-type=\"widget\" data-widget_type=\"text-editor.default\">\n\t\t\t\t<div class=\"elementor-widget-container\">\n\t\t\t\t\t\t\t\t\t<p>Licenciada en Filolog\u00eda Hisp\u00e1nica por la <strong>Uniwersytet w Barcelonie<\/strong>ze specjalizacj\u0105 w kursach z zakresu <strong>doktorat na Uniwersytecie Complutense w Madrycie w dziedzinie literatury z okresu II wojny \u015bwiatowej oraz tytu\u0142 magistra j\u0119zyka hiszpa\u0144skiego.<\/strong> para Extranjeros por la Universidad Men\u00e9ndez Pelayo (Santander).<\/p>\t\t\t\t\t\t\t\t<\/div>\n\t\t\t\t<\/div>\n\t\t\t\t\t<\/div>\n\t\t<\/div>\n\t\t\t\t<div class=\"elementor-column elementor-col-33 elementor-top-column elementor-element elementor-element-9a22882 elementor-invisible\" data-id=\"9a22882\" data-element_type=\"column\" data-e-type=\"column\" data-settings=\"{&quot;animation&quot;:&quot;slideInUp&quot;,&quot;background_background&quot;:&quot;gradient&quot;,&quot;animation_delay&quot;:200}\">\n\t\t\t<div class=\"elementor-widget-wrap elementor-element-populated\">\n\t\t\t\t\t\t<div class=\"elementor-element elementor-element-1968263c elementor-widget elementor-widget-image\" data-id=\"1968263c\" data-element_type=\"widget\" data-e-type=\"widget\" data-widget_type=\"image.default\">\n\t\t\t\t<div class=\"elementor-widget-container\">\n\t\t\t\t\t\t\t\t\t\t\t\t\t\t\t<img loading=\"lazy\" decoding=\"async\" width=\"429\" height=\"416\" src=\"https:\/\/conversaspanishinstitute.com\/wp-content\/uploads\/2022\/04\/item3.png\" class=\"elementor-animation-grow attachment-large size-large wp-image-8291\" alt=\"\" srcset=\"https:\/\/conversaspanishinstitute.com\/wp-content\/uploads\/2022\/04\/item3.png 429w, https:\/\/conversaspanishinstitute.com\/wp-content\/uploads\/2022\/04\/item3-300x291.png 300w\" sizes=\"(max-width: 429px) 100vw, 429px\" \/>\t\t\t\t\t\t\t\t\t\t\t\t\t\t\t<\/div>\n\t\t\t\t<\/div>\n\t\t\t\t<div class=\"elementor-element elementor-element-1d5691c3 elementor-widget elementor-widget-heading\" data-id=\"1d5691c3\" data-element_type=\"widget\" data-e-type=\"widget\" data-widget_type=\"heading.default\">\n\t\t\t\t<div class=\"elementor-widget-container\">\n\t\t\t\t\t<h2 class=\"elementor-heading-title elementor-size-default\"><span>S<\/span><span class=\"gra\">cristina bol\u00edvar<\/span><\/h2>\t\t\t\t<\/div>\n\t\t\t\t<\/div>\n\t\t\t\t<div class=\"elementor-element elementor-element-24f32250 elementor-widget elementor-widget-heading\" data-id=\"24f32250\" data-element_type=\"widget\" data-e-type=\"widget\" data-widget_type=\"heading.default\">\n\t\t\t\t<div class=\"elementor-widget-container\">\n\t\t\t\t\t<h2 class=\"elementor-heading-title elementor-size-default\">Koordynator dzia\u0142a\u0144<\/h2>\t\t\t\t<\/div>\n\t\t\t\t<\/div>\n\t\t\t\t<div class=\"elementor-element elementor-element-7fddcd15 elementor-widget elementor-widget-text-editor\" data-id=\"7fddcd15\" data-element_type=\"widget\" data-e-type=\"widget\" data-widget_type=\"text-editor.default\">\n\t\t\t\t<div class=\"elementor-widget-container\">\n\t\t\t\t\t\t\t\t\t<p>Cristina es de <strong>Wenezuela<\/strong>\u00a0Mieszka w Hiszpanii od dziesi\u0119ciu lat. Jest osob\u0105 entuzjastyczn\u0105, zmotywowan\u0105 i bardzo energiczn\u0105. <strong>Lubisz portale spo\u0142eczno\u015bciowe i \u0142\u0105czenie si\u0119 z innymi za po\u015brednictwem ciekawych do\u015bwiadcze\u0144.<\/strong><\/p>\t\t\t\t\t\t\t\t<\/div>\n\t\t\t\t<\/div>\n\t\t\t\t\t<\/div>\n\t\t<\/div>\n\t\t\t\t<div class=\"elementor-column elementor-col-33 elementor-top-column elementor-element elementor-element-1b2ac1ab elementor-invisible\" data-id=\"1b2ac1ab\" data-element_type=\"column\" data-e-type=\"column\" data-settings=\"{&quot;animation&quot;:&quot;slideInUp&quot;,&quot;background_background&quot;:&quot;gradient&quot;,&quot;animation_delay&quot;:200}\">\n\t\t\t<div class=\"elementor-widget-wrap elementor-element-populated\">\n\t\t\t\t\t\t<div class=\"elementor-element elementor-element-73fb804e elementor-widget elementor-widget-image\" data-id=\"73fb804e\" data-element_type=\"widget\" data-e-type=\"widget\" data-widget_type=\"image.default\">\n\t\t\t\t<div class=\"elementor-widget-container\">\n\t\t\t\t\t\t\t\t\t\t\t\t\t\t\t<img loading=\"lazy\" decoding=\"async\" width=\"430\" height=\"417\" src=\"https:\/\/conversaspanishinstitute.com\/wp-content\/uploads\/2022\/02\/andrea-buble-chat-1.jpg\" class=\"elementor-animation-grow attachment-large size-large wp-image-6794\" alt=\"\" srcset=\"https:\/\/conversaspanishinstitute.com\/wp-content\/uploads\/2022\/02\/andrea-buble-chat-1.jpg 430w, https:\/\/conversaspanishinstitute.com\/wp-content\/uploads\/2022\/02\/andrea-buble-chat-1-300x291.jpg 300w\" sizes=\"(max-width: 430px) 100vw, 430px\" \/>\t\t\t\t\t\t\t\t\t\t\t\t\t\t\t<\/div>\n\t\t\t\t<\/div>\n\t\t\t\t<div class=\"elementor-element elementor-element-2b72a056 elementor-widget elementor-widget-heading\" data-id=\"2b72a056\" data-element_type=\"widget\" data-e-type=\"widget\" data-widget_type=\"heading.default\">\n\t\t\t\t<div class=\"elementor-widget-container\">\n\t\t\t\t\t<h2 class=\"elementor-heading-title elementor-size-default\"><span>S<\/span><span class=\"gra\">Andrea Storey<\/span><\/h2>\t\t\t\t<\/div>\n\t\t\t\t<\/div>\n\t\t\t\t<div class=\"elementor-element elementor-element-73556e32 elementor-widget elementor-widget-heading\" data-id=\"73556e32\" data-element_type=\"widget\" data-e-type=\"widget\" data-widget_type=\"heading.default\">\n\t\t\t\t<div class=\"elementor-widget-container\">\n\t\t\t\t\t<h2 class=\"elementor-heading-title elementor-size-default\">Wsparcie j\u0119zykowe i edukacyjne<\/h2>\t\t\t\t<\/div>\n\t\t\t\t<\/div>\n\t\t\t\t<div class=\"elementor-element elementor-element-2aca7052 elementor-widget elementor-widget-text-editor\" data-id=\"2aca7052\" data-element_type=\"widget\" data-e-type=\"widget\" data-widget_type=\"text-editor.default\">\n\t\t\t\t<div class=\"elementor-widget-container\">\n\t\t\t\t\t\t\t\t\t<p>Andrea es licenciada en Filolog\u00eda Hisp\u00e1nica por la\u00a0<strong>Southern Illinois University<\/strong>. Jako studentka uniwersytetu by\u0142a asystentk\u0105 ds. bada\u0144 i pomaga\u0142a w reorganizacji programu nauczania licencjatu. Actualmente, es traductora independiente y profesora de espa\u00f1ol.<\/p>\t\t\t\t\t\t\t\t<\/div>\n\t\t\t\t<\/div>\n\t\t\t\t\t<\/div>\n\t\t<\/div>\n\t\t\t\t\t<\/div>\n\t\t<\/section>\n\t\t\t\t<\/div>","protected":false},"excerpt":{"rendered":"<p>Meeting with Conversa Team Here you can book an appointment with one of our team members to talk about possible partnerships. We can&#8217;t wait to meet you!\u00a0 We are more than a\u00a0language school At Conversa Spanish Institute Valencia we want to offer the best immersive experience for the students. Our mission is to offer memorable [&hellip;]<\/p>\n","protected":false},"author":1,"featured_media":11726,"parent":0,"menu_order":0,"comment_status":"open","ping_status":"open","template":"","meta":{"_acf_changed":false,"footnotes":""},"class_list":["post-11710","page","type-page","status-publish","has-post-thumbnail","hentry"],"acf":[],"jetpack_sharing_enabled":true,"_links":{"self":[{"href":"https:\/\/conversaspanishinstitute.com\/pl\/wp-json\/wp\/v2\/pages\/11710","targetHints":{"allow":["GET"]}}],"collection":[{"href":"https:\/\/conversaspanishinstitute.com\/pl\/wp-json\/wp\/v2\/pages"}],"about":[{"href":"https:\/\/conversaspanishinstitute.com\/pl\/wp-json\/wp\/v2\/types\/page"}],"author":[{"embeddable":true,"href":"https:\/\/conversaspanishinstitute.com\/pl\/wp-json\/wp\/v2\/users\/1"}],"replies":[{"embeddable":true,"href":"https:\/\/conversaspanishinstitute.com\/pl\/wp-json\/wp\/v2\/comments?post=11710"}],"version-history":[{"count":0,"href":"https:\/\/conversaspanishinstitute.com\/pl\/wp-json\/wp\/v2\/pages\/11710\/revisions"}],"wp:featuredmedia":[{"embeddable":true,"href":"https:\/\/conversaspanishinstitute.com\/pl\/wp-json\/wp\/v2\/media\/11726"}],"wp:attachment":[{"href":"https:\/\/conversaspanishinstitute.com\/pl\/wp-json\/wp\/v2\/media?parent=11710"}],"curies":[{"name":"wp","href":"https:\/\/api.w.org\/{rel}","templated":true}]}}